{"id":5897,"date":"2024-07-30T07:41:06","date_gmt":"2024-07-30T05:41:06","guid":{"rendered":"https:\/\/www.galerie87.com\/?post_type=product&#038;p=5897"},"modified":"2024-07-30T07:41:06","modified_gmt":"2024-07-30T05:41:06","slug":"serie-de-six-chaises-scandinaves-erik-ole-jorgensen-kvist-editeur","status":"publish","type":"product","link":"https:\/\/www.galerie87.com\/en\/product\/serie-de-six-chaises-scandinaves-erik-ole-jorgensen-kvist-editeur\/","title":{"rendered":"S\u00e9rie De Six Chaises Scandinaves, Erik Ole Jorgensen, Kvist \u00e9diteur"},"content":{"rendered":"<p>S\u00e9rie De Six Chaises Scandinaves, En Bois Naturel Et Corde, Erik Ole Jorgensen, Kvist \u00e9diteur. Les assises en corde, en bon \u00e9tat, pr\u00e9sentent quelques d\u00e9colorations.<\/p>\n<p>L 57, H 77, P 53, H d&rsquo;ass. 47<\/p>","protected":false},"excerpt":{"rendered":"<p>S\u00e9rie De Six Chaises Scandinaves, En Bois Naturel Et Corde, Erik Ole Jorgensen, Kvist \u00e9diteur<\/p>","protected":false},"featured_media":5903,"template":"","meta":{"site-sidebar-layout":"default","site-content-layout":"","ast-site-content-layout":"default","site-content-style":"default","site-sidebar-style":"default","ast-global-header-display":"","ast-banner-title-visibility":"","ast-main-header-display":"","ast-hfb-above-header-display":"","ast-hfb-below-header-display":"","ast-hfb-mobile-header-display":"","site-post-title":"","ast-breadcrumbs-content":"","ast-featured-img":"","footer-sml-layout":"","ast-disable-related-posts":"","theme-transparent-header-meta":"default","adv-header-id-meta":"","stick-header-meta":"","header-above-stick-meta":"","header-main-stick-meta":"","header-below-stick-meta":"","astra-migrate-meta-layouts":"set","ast-page-background-enabled":"default","ast-page-background-meta":{"desktop":{"background-color":"","background-image":"","background-repeat":"repeat","background-position":"center center","background-size":"auto","background-attachment":"scroll","background-type":"","background-media":"","overlay-type":"","overlay-color":"","overlay-opacity":"","overlay-gradient":""},"tablet":{"background-color":"","background-image":"","background-repeat":"repeat","background-position":"center center","background-size":"auto","background-attachment":"scroll","background-type":"","background-media":"","overlay-type":"","overlay-color":"","overlay-opacity":"","overlay-gradient":""},"mobile":{"background-color":"","background-image":"","background-repeat":"repeat","background-position":"center center","background-size":"auto","background-attachment":"scroll","background-type":"","background-media":"","overlay-type":"","overlay-color":"","overlay-opacity":"","overlay-gradient":""}},"ast-content-background-meta":{"desktop":{"background-color":"var(--ast-global-color-5)","background-image":"","background-repeat":"repeat","background-position":"center center","background-size":"auto","background-attachment":"scroll","background-type":"","background-media":"","overlay-type":"","overlay-color":"","overlay-opacity":"","overlay-gradient":""},"tablet":{"background-color":"var(--ast-global-color-5)","background-image":"","background-repeat":"repeat","background-position":"center center","background-size":"auto","background-attachment":"scroll","background-type":"","background-media":"","overlay-type":"","overlay-color":"","overlay-opacity":"","overlay-gradient":""},"mobile":{"background-color":"var(--ast-global-color-5)","background-image":"","background-repeat":"repeat","background-position":"center center","background-size":"auto","background-attachment":"scroll","background-type":"","background-media":"","overlay-type":"","overlay-color":"","overlay-opacity":"","overlay-gradient":""}}},"product_brand":[],"product_cat":[28,21,34],"product_tag":[35,105,38,37,36,39],"class_list":{"0":"post-5897","1":"product","2":"type-product","3":"status-publish","4":"has-post-thumbnail","6":"product_cat-fauteuils-canapes-antiquites-du-xxeme","7":"product_cat-mobilier-du-xxeme","8":"product_cat-nouveautes","9":"product_tag-chaises","10":"product_tag-danishdesign","11":"product_tag-galerie87","12":"product_tag-scandinave","13":"product_tag-vintage","14":"product_tag-xxeme","15":"desktop-align-left","16":"tablet-align-left","17":"mobile-align-left","19":"first","20":"instock","21":"shipping-taxable","22":"purchasable","23":"product-type-simple"},"yoast_head":"<!-- This site is optimized with the Yoast SEO plugin v27.4 - https:\/\/yoast.com\/product\/yoast-seo-wordpress\/ -->\n<title>S\u00e9rie De Six Chaises Scandinaves, Erik Ole Jorgensen, Kvist \u00e9diteur | Galerie87<\/title>\n<meta name=\"description\" content=\"S\u00e9rie De Six Chaises Scandinaves, En Bois Naturel Et Corde, Erik Ole Jorgensen, Kvist \u00e9diteur. Les assises en corde, en bon \u00e9tat, pr\u00e9sentent quelques d\u00e9colorations.L 57, H 77, P 53, H d&#039;ass. 47\" \/>\n<meta name=\"robots\" content=\"index, follow, max-snippet:-1, max-image-preview:large, max-video-preview:-1\" \/>\n<link rel=\"canonical\" href=\"https:\/\/www.galerie87.com\/en\/product\/serie-de-six-chaises-scandinaves-erik-ole-jorgensen-kvist-editeur\/\" \/>\n<meta property=\"og:locale\" content=\"en_US\" \/>\n<meta property=\"og:type\" content=\"article\" \/>\n<meta property=\"og:title\" content=\"S\u00e9rie De Six Chaises Scandinaves, Erik Ole Jorgensen, Kvist \u00e9diteur | Galerie87\" \/>\n<meta property=\"og:description\" content=\"S\u00e9rie De Six Chaises Scandinaves, En Bois Naturel Et Corde, Erik Ole Jorgensen, Kvist \u00e9diteur. Les assises en corde, en bon \u00e9tat, pr\u00e9sentent quelques d\u00e9colorations.L 57, H 77, P 53, H d&#039;ass. 47\" \/>\n<meta property=\"og:url\" content=\"https:\/\/www.galerie87.com\/en\/product\/serie-de-six-chaises-scandinaves-erik-ole-jorgensen-kvist-editeur\/\" \/>\n<meta property=\"og:site_name\" content=\"Galerie87\" \/>\n<meta property=\"og:image\" content=\"https:\/\/www.galerie87.com\/wp-content\/uploads\/2024\/07\/Serie-de-six-chaises-J-151-en-bois-naturel-et-corde-Erik-Ole-Jorgensen-Kvist-editeur.png\" \/>\n\t<meta property=\"og:image:width\" content=\"760\" \/>\n\t<meta property=\"og:image:height\" content=\"760\" \/>\n\t<meta property=\"og:image:type\" content=\"image\/png\" \/>\n<meta name=\"twitter:card\" content=\"summary_large_image\" \/>\n<meta name=\"twitter:label1\" content=\"Est. reading time\" \/>\n\t<meta name=\"twitter:data1\" content=\"1 minute\" \/>\n<script type=\"application\/ld+json\" class=\"yoast-schema-graph\">{\"@context\":\"https:\\\/\\\/schema.org\",\"@graph\":[{\"@type\":\"WebPage\",\"@id\":\"https:\\\/\\\/www.galerie87.com\\\/produit\\\/serie-de-six-chaises-scandinaves-erik-ole-jorgensen-kvist-editeur\\\/\",\"url\":\"https:\\\/\\\/www.galerie87.com\\\/produit\\\/serie-de-six-chaises-scandinaves-erik-ole-jorgensen-kvist-editeur\\\/\",\"name\":\"S\u00e9rie De Six Chaises Scandinaves, Erik Ole Jorgensen, Kvist \u00e9diteur | Galerie87\",\"isPartOf\":{\"@id\":\"https:\\\/\\\/www.galerie87.com\\\/#website\"},\"primaryImageOfPage\":{\"@id\":\"https:\\\/\\\/www.galerie87.com\\\/produit\\\/serie-de-six-chaises-scandinaves-erik-ole-jorgensen-kvist-editeur\\\/#primaryimage\"},\"image\":{\"@id\":\"https:\\\/\\\/www.galerie87.com\\\/produit\\\/serie-de-six-chaises-scandinaves-erik-ole-jorgensen-kvist-editeur\\\/#primaryimage\"},\"thumbnailUrl\":\"https:\\\/\\\/www.galerie87.com\\\/wp-content\\\/uploads\\\/2024\\\/07\\\/Serie-de-six-chaises-J-151-en-bois-naturel-et-corde-Erik-Ole-Jorgensen-Kvist-editeur.png\",\"datePublished\":\"2024-07-30T05:41:06+00:00\",\"description\":\"S\u00e9rie De Six Chaises Scandinaves, En Bois Naturel Et Corde, Erik Ole Jorgensen, Kvist \u00e9diteur. Les assises en corde, en bon \u00e9tat, pr\u00e9sentent quelques d\u00e9colorations.L 57, H 77, P 53, H d'ass. 47\",\"breadcrumb\":{\"@id\":\"https:\\\/\\\/www.galerie87.com\\\/produit\\\/serie-de-six-chaises-scandinaves-erik-ole-jorgensen-kvist-editeur\\\/#breadcrumb\"},\"inLanguage\":\"en-US\",\"potentialAction\":[{\"@type\":\"ReadAction\",\"target\":[\"https:\\\/\\\/www.galerie87.com\\\/produit\\\/serie-de-six-chaises-scandinaves-erik-ole-jorgensen-kvist-editeur\\\/\"]}]},{\"@type\":\"ImageObject\",\"inLanguage\":\"en-US\",\"@id\":\"https:\\\/\\\/www.galerie87.com\\\/produit\\\/serie-de-six-chaises-scandinaves-erik-ole-jorgensen-kvist-editeur\\\/#primaryimage\",\"url\":\"https:\\\/\\\/www.galerie87.com\\\/wp-content\\\/uploads\\\/2024\\\/07\\\/Serie-de-six-chaises-J-151-en-bois-naturel-et-corde-Erik-Ole-Jorgensen-Kvist-editeur.png\",\"contentUrl\":\"https:\\\/\\\/www.galerie87.com\\\/wp-content\\\/uploads\\\/2024\\\/07\\\/Serie-de-six-chaises-J-151-en-bois-naturel-et-corde-Erik-Ole-Jorgensen-Kvist-editeur.png\",\"width\":760,\"height\":760,\"caption\":\"S\u00e9rie De Six Chaises Scandinaves, En Bois Naturel Et Corde, Erik Ole Jorgensen, Kvist \u00e9diteur.\"},{\"@type\":\"BreadcrumbList\",\"@id\":\"https:\\\/\\\/www.galerie87.com\\\/produit\\\/serie-de-six-chaises-scandinaves-erik-ole-jorgensen-kvist-editeur\\\/#breadcrumb\",\"itemListElement\":[{\"@type\":\"ListItem\",\"position\":1,\"name\":\"Accueil\",\"item\":\"https:\\\/\\\/www.galerie87.com\\\/\"},{\"@type\":\"ListItem\",\"position\":2,\"name\":\"Boutique\",\"item\":\"https:\\\/\\\/www.galerie87.com\\\/boutique\\\/\"},{\"@type\":\"ListItem\",\"position\":3,\"name\":\"S\u00e9rie De Six Chaises Scandinaves, Erik Ole Jorgensen, Kvist \u00e9diteur\"}]},{\"@type\":\"WebSite\",\"@id\":\"https:\\\/\\\/www.galerie87.com\\\/#website\",\"url\":\"https:\\\/\\\/www.galerie87.com\\\/\",\"name\":\"Galerie87\",\"description\":\"Antiquit\u00e9s - Arts d\u00e9coratifs du XX\u00e8me\",\"publisher\":{\"@id\":\"https:\\\/\\\/www.galerie87.com\\\/#organization\"},\"potentialAction\":[{\"@type\":\"SearchAction\",\"target\":{\"@type\":\"EntryPoint\",\"urlTemplate\":\"https:\\\/\\\/www.galerie87.com\\\/?s={search_term_string}\"},\"query-input\":{\"@type\":\"PropertyValueSpecification\",\"valueRequired\":true,\"valueName\":\"search_term_string\"}}],\"inLanguage\":\"en-US\"},{\"@type\":\"Organization\",\"@id\":\"https:\\\/\\\/www.galerie87.com\\\/#organization\",\"name\":\"Galerie87\",\"url\":\"https:\\\/\\\/www.galerie87.com\\\/\",\"logo\":{\"@type\":\"ImageObject\",\"inLanguage\":\"en-US\",\"@id\":\"https:\\\/\\\/www.galerie87.com\\\/#\\\/schema\\\/logo\\\/image\\\/\",\"url\":\"https:\\\/\\\/galerie.wizengo.com\\\/wp-content\\\/uploads\\\/2022\\\/03\\\/logo-galerie87-transparent.png\",\"contentUrl\":\"https:\\\/\\\/galerie.wizengo.com\\\/wp-content\\\/uploads\\\/2022\\\/03\\\/logo-galerie87-transparent.png\",\"width\":347,\"height\":72,\"caption\":\"Galerie87\"},\"image\":{\"@id\":\"https:\\\/\\\/www.galerie87.com\\\/#\\\/schema\\\/logo\\\/image\\\/\"}}]}<\/script>\n<!-- \/ Yoast SEO plugin. -->","yoast_head_json":{"title":"S\u00e9rie De Six Chaises Scandinaves, Erik Ole Jorgensen, Kvist \u00e9diteur | Galerie87","description":"S\u00e9rie De Six Chaises Scandinaves, En Bois Naturel Et Corde, Erik Ole Jorgensen, Kvist \u00e9diteur. Les assises en corde, en bon \u00e9tat, pr\u00e9sentent quelques d\u00e9colorations.L 57, H 77, P 53, H d'ass. 47","robots":{"index":"index","follow":"follow","max-snippet":"max-snippet:-1","max-image-preview":"max-image-preview:large","max-video-preview":"max-video-preview:-1"},"canonical":"https:\/\/www.galerie87.com\/en\/product\/serie-de-six-chaises-scandinaves-erik-ole-jorgensen-kvist-editeur\/","og_locale":"en_US","og_type":"article","og_title":"S\u00e9rie De Six Chaises Scandinaves, Erik Ole Jorgensen, Kvist \u00e9diteur | Galerie87","og_description":"S\u00e9rie De Six Chaises Scandinaves, En Bois Naturel Et Corde, Erik Ole Jorgensen, Kvist \u00e9diteur. Les assises en corde, en bon \u00e9tat, pr\u00e9sentent quelques d\u00e9colorations.L 57, H 77, P 53, H d'ass. 47","og_url":"https:\/\/www.galerie87.com\/en\/product\/serie-de-six-chaises-scandinaves-erik-ole-jorgensen-kvist-editeur\/","og_site_name":"Galerie87","og_image":[{"width":760,"height":760,"url":"https:\/\/www.galerie87.com\/wp-content\/uploads\/2024\/07\/Serie-de-six-chaises-J-151-en-bois-naturel-et-corde-Erik-Ole-Jorgensen-Kvist-editeur.png","type":"image\/png"}],"twitter_card":"summary_large_image","twitter_misc":{"Est. reading time":"1 minute"},"schema":{"@context":"https:\/\/schema.org","@graph":[{"@type":"WebPage","@id":"https:\/\/www.galerie87.com\/produit\/serie-de-six-chaises-scandinaves-erik-ole-jorgensen-kvist-editeur\/","url":"https:\/\/www.galerie87.com\/produit\/serie-de-six-chaises-scandinaves-erik-ole-jorgensen-kvist-editeur\/","name":"S\u00e9rie De Six Chaises Scandinaves, Erik Ole Jorgensen, Kvist \u00e9diteur | Galerie87","isPartOf":{"@id":"https:\/\/www.galerie87.com\/#website"},"primaryImageOfPage":{"@id":"https:\/\/www.galerie87.com\/produit\/serie-de-six-chaises-scandinaves-erik-ole-jorgensen-kvist-editeur\/#primaryimage"},"image":{"@id":"https:\/\/www.galerie87.com\/produit\/serie-de-six-chaises-scandinaves-erik-ole-jorgensen-kvist-editeur\/#primaryimage"},"thumbnailUrl":"https:\/\/www.galerie87.com\/wp-content\/uploads\/2024\/07\/Serie-de-six-chaises-J-151-en-bois-naturel-et-corde-Erik-Ole-Jorgensen-Kvist-editeur.png","datePublished":"2024-07-30T05:41:06+00:00","description":"S\u00e9rie De Six Chaises Scandinaves, En Bois Naturel Et Corde, Erik Ole Jorgensen, Kvist \u00e9diteur. Les assises en corde, en bon \u00e9tat, pr\u00e9sentent quelques d\u00e9colorations.L 57, H 77, P 53, H d'ass. 47","breadcrumb":{"@id":"https:\/\/www.galerie87.com\/produit\/serie-de-six-chaises-scandinaves-erik-ole-jorgensen-kvist-editeur\/#breadcrumb"},"inLanguage":"en-US","potentialAction":[{"@type":"ReadAction","target":["https:\/\/www.galerie87.com\/produit\/serie-de-six-chaises-scandinaves-erik-ole-jorgensen-kvist-editeur\/"]}]},{"@type":"ImageObject","inLanguage":"en-US","@id":"https:\/\/www.galerie87.com\/produit\/serie-de-six-chaises-scandinaves-erik-ole-jorgensen-kvist-editeur\/#primaryimage","url":"https:\/\/www.galerie87.com\/wp-content\/uploads\/2024\/07\/Serie-de-six-chaises-J-151-en-bois-naturel-et-corde-Erik-Ole-Jorgensen-Kvist-editeur.png","contentUrl":"https:\/\/www.galerie87.com\/wp-content\/uploads\/2024\/07\/Serie-de-six-chaises-J-151-en-bois-naturel-et-corde-Erik-Ole-Jorgensen-Kvist-editeur.png","width":760,"height":760,"caption":"S\u00e9rie De Six Chaises Scandinaves, En Bois Naturel Et Corde, Erik Ole Jorgensen, Kvist \u00e9diteur."},{"@type":"BreadcrumbList","@id":"https:\/\/www.galerie87.com\/produit\/serie-de-six-chaises-scandinaves-erik-ole-jorgensen-kvist-editeur\/#breadcrumb","itemListElement":[{"@type":"ListItem","position":1,"name":"Accueil","item":"https:\/\/www.galerie87.com\/"},{"@type":"ListItem","position":2,"name":"Boutique","item":"https:\/\/www.galerie87.com\/boutique\/"},{"@type":"ListItem","position":3,"name":"S\u00e9rie De Six Chaises Scandinaves, Erik Ole Jorgensen, Kvist \u00e9diteur"}]},{"@type":"WebSite","@id":"https:\/\/www.galerie87.com\/#website","url":"https:\/\/www.galerie87.com\/","name":"Galerie87","description":"Antiquit\u00e9s - Arts d\u00e9coratifs du XX\u00e8me","publisher":{"@id":"https:\/\/www.galerie87.com\/#organization"},"potentialAction":[{"@type":"SearchAction","target":{"@type":"EntryPoint","urlTemplate":"https:\/\/www.galerie87.com\/?s={search_term_string}"},"query-input":{"@type":"PropertyValueSpecification","valueRequired":true,"valueName":"search_term_string"}}],"inLanguage":"en-US"},{"@type":"Organization","@id":"https:\/\/www.galerie87.com\/#organization","name":"Galerie87","url":"https:\/\/www.galerie87.com\/","logo":{"@type":"ImageObject","inLanguage":"en-US","@id":"https:\/\/www.galerie87.com\/#\/schema\/logo\/image\/","url":"https:\/\/galerie.wizengo.com\/wp-content\/uploads\/2022\/03\/logo-galerie87-transparent.png","contentUrl":"https:\/\/galerie.wizengo.com\/wp-content\/uploads\/2022\/03\/logo-galerie87-transparent.png","width":347,"height":72,"caption":"Galerie87"},"image":{"@id":"https:\/\/www.galerie87.com\/#\/schema\/logo\/image\/"}}]}},"_links":{"self":[{"href":"https:\/\/www.galerie87.com\/en\/wp-json\/wp\/v2\/product\/5897","targetHints":{"allow":["GET"]}}],"collection":[{"href":"https:\/\/www.galerie87.com\/en\/wp-json\/wp\/v2\/product"}],"about":[{"href":"https:\/\/www.galerie87.com\/en\/wp-json\/wp\/v2\/types\/product"}],"wp:featuredmedia":[{"embeddable":true,"href":"https:\/\/www.galerie87.com\/en\/wp-json\/wp\/v2\/media\/5903"}],"wp:attachment":[{"href":"https:\/\/www.galerie87.com\/en\/wp-json\/wp\/v2\/media?parent=5897"}],"wp:term":[{"taxonomy":"product_brand","embeddable":true,"href":"https:\/\/www.galerie87.com\/en\/wp-json\/wp\/v2\/product_brand?post=5897"},{"taxonomy":"product_cat","embeddable":true,"href":"https:\/\/www.galerie87.com\/en\/wp-json\/wp\/v2\/product_cat?post=5897"},{"taxonomy":"product_tag","embeddable":true,"href":"https:\/\/www.galerie87.com\/en\/wp-json\/wp\/v2\/product_tag?post=5897"}],"curies":[{"name":"wp","href":"https:\/\/api.w.org\/{rel}","templated":true}]}}