{"id":6639,"date":"2025-09-03T16:46:28","date_gmt":"2025-09-03T14:46:28","guid":{"rendered":"https:\/\/www.galerie87.com\/?post_type=product&#038;p=6639"},"modified":"2025-09-03T16:46:28","modified_gmt":"2025-09-03T14:46:28","slug":"serie-de-six-chaises-brutalistes-guillerme-et-chambron","status":"publish","type":"product","link":"https:\/\/www.galerie87.com\/en\/product\/serie-de-six-chaises-brutalistes-guillerme-et-chambron\/","title":{"rendered":"S\u00e9rie de six chaises brutalistes, Guillerme et Chambron"},"content":{"rendered":"<p>Rare s\u00e9rie de six chaises brutalistes en ch\u00eane clair bross\u00e9, Guillerme et Chambron pour \u00ab\u00a0Votre Maison\u00a0\u00bb \u00e9diteur. Ces chaises ont \u00e9t\u00e9 d\u00e9cap\u00e9es et restaur\u00e9es, les assises ont \u00e9t\u00e9 refaites \u00e0 neuf mousses et tissu Kvadrat de couleur beige.<\/p>","protected":false},"excerpt":{"rendered":"<p>Rare s\u00e9rie de six chaises brutalistes en ch\u00eane clair bross\u00e9, Guillerme et Chambron pour \u00ab\u00a0Votre Maison\u00a0\u00bb \u00e9diteur. Ces chaises ont \u00e9t\u00e9 d\u00e9cap\u00e9es et restaur\u00e9es, les assises ont \u00e9t\u00e9 refaites \u00e0 neuf mousses et tissu Kvadrat de couleur beige.<\/p>\n<p>L 52 P 46 H 83 cms<\/p>","protected":false},"featured_media":6640,"template":"","meta":{"site-sidebar-layout":"default","site-content-layout":"","ast-site-content-layout":"default","site-content-style":"default","site-sidebar-style":"default","ast-global-header-display":"","ast-banner-title-visibility":"","ast-main-header-display":"","ast-hfb-above-header-display":"","ast-hfb-below-header-display":"","ast-hfb-mobile-header-display":"","site-post-title":"","ast-breadcrumbs-content":"","ast-featured-img":"","footer-sml-layout":"","ast-disable-related-posts":"","theme-transparent-header-meta":"default","adv-header-id-meta":"","stick-header-meta":"","header-above-stick-meta":"","header-main-stick-meta":"","header-below-stick-meta":"","astra-migrate-meta-layouts":"set","ast-page-background-enabled":"default","ast-page-background-meta":{"desktop":{"background-color":"","background-image":"","background-repeat":"repeat","background-position":"center center","background-size":"auto","background-attachment":"scroll","background-type":"","background-media":"","overlay-type":"","overlay-color":"","overlay-opacity":"","overlay-gradient":""},"tablet":{"background-color":"","background-image":"","background-repeat":"repeat","background-position":"center center","background-size":"auto","background-attachment":"scroll","background-type":"","background-media":"","overlay-type":"","overlay-color":"","overlay-opacity":"","overlay-gradient":""},"mobile":{"background-color":"","background-image":"","background-repeat":"repeat","background-position":"center center","background-size":"auto","background-attachment":"scroll","background-type":"","background-media":"","overlay-type":"","overlay-color":"","overlay-opacity":"","overlay-gradient":""}},"ast-content-background-meta":{"desktop":{"background-color":"var(--ast-global-color-5)","background-image":"","background-repeat":"repeat","background-position":"center center","background-size":"auto","background-attachment":"scroll","background-type":"","background-media":"","overlay-type":"","overlay-color":"","overlay-opacity":"","overlay-gradient":""},"tablet":{"background-color":"var(--ast-global-color-5)","background-image":"","background-repeat":"repeat","background-position":"center center","background-size":"auto","background-attachment":"scroll","background-type":"","background-media":"","overlay-type":"","overlay-color":"","overlay-opacity":"","overlay-gradient":""},"mobile":{"background-color":"var(--ast-global-color-5)","background-image":"","background-repeat":"repeat","background-position":"center center","background-size":"auto","background-attachment":"scroll","background-type":"","background-media":"","overlay-type":"","overlay-color":"","overlay-opacity":"","overlay-gradient":""}}},"product_brand":[],"product_cat":[22,28,21,34],"product_tag":[108,35,55,38,42,59,36,43],"class_list":{"0":"post-6639","1":"product","2":"type-product","3":"status-publish","4":"has-post-thumbnail","6":"product_cat-guillerme-et-chambron","7":"product_cat-fauteuils-canapes-antiquites-du-xxeme","8":"product_cat-mobilier-du-xxeme","9":"product_cat-nouveautes","10":"product_tag-brutaliste","11":"product_tag-chaises","12":"product_tag-french-furniture","13":"product_tag-galerie87","14":"product_tag-guillerme-et-chambron","15":"product_tag-oakfurniture","16":"product_tag-vintage","17":"product_tag-votre-maison","18":"desktop-align-left","19":"tablet-align-left","20":"mobile-align-left","22":"first","23":"instock","24":"shipping-taxable","25":"purchasable","26":"product-type-simple"},"yoast_head":"<!-- This site is optimized with the Yoast SEO plugin v27.4 - https:\/\/yoast.com\/product\/yoast-seo-wordpress\/ -->\n<title>S\u00e9rie de six chaises brutalistes, Guillerme et Chambron | Galerie87<\/title>\n<meta name=\"description\" content=\"Rare s\u00e9rie de six chaises brutalistes en ch\u00eane clair bross\u00e9, Guillerme et Chambron pour &quot;Votre Maison&quot; \u00e9diteur. Ces chaises ont \u00e9t\u00e9 d\u00e9cap\u00e9es et restaur\u00e9es, les assises ont \u00e9t\u00e9 refaites \u00e0 neuf mousses et tissu Kvadrat\" \/>\n<meta name=\"robots\" content=\"index, follow, max-snippet:-1, max-image-preview:large, max-video-preview:-1\" \/>\n<link rel=\"canonical\" href=\"https:\/\/www.galerie87.com\/en\/product\/serie-de-six-chaises-brutalistes-guillerme-et-chambron\/\" \/>\n<meta property=\"og:locale\" content=\"en_US\" \/>\n<meta property=\"og:type\" content=\"article\" \/>\n<meta property=\"og:title\" content=\"S\u00e9rie de six chaises brutalistes, Guillerme et Chambron | Galerie87\" \/>\n<meta property=\"og:description\" content=\"Rare s\u00e9rie de six chaises brutalistes en ch\u00eane clair bross\u00e9, Guillerme et Chambron pour &quot;Votre Maison&quot; \u00e9diteur. Ces chaises ont \u00e9t\u00e9 d\u00e9cap\u00e9es et restaur\u00e9es, les assises ont \u00e9t\u00e9 refaites \u00e0 neuf mousses et tissu Kvadrat\" \/>\n<meta property=\"og:url\" content=\"https:\/\/www.galerie87.com\/en\/product\/serie-de-six-chaises-brutalistes-guillerme-et-chambron\/\" \/>\n<meta property=\"og:site_name\" content=\"Galerie87\" \/>\n<meta property=\"og:image\" content=\"https:\/\/www.galerie87.com\/wp-content\/uploads\/2025\/09\/CHAISES-BRUTALISTES-GUILLERME-ET-CHAMBRON-3.jpg\" \/>\n\t<meta property=\"og:image:width\" content=\"1083\" \/>\n\t<meta property=\"og:image:height\" content=\"1083\" \/>\n\t<meta property=\"og:image:type\" content=\"image\/jpeg\" \/>\n<meta name=\"twitter:card\" content=\"summary_large_image\" \/>\n<meta name=\"twitter:label1\" content=\"Est. reading time\" \/>\n\t<meta name=\"twitter:data1\" content=\"1 minute\" \/>\n<script type=\"application\/ld+json\" class=\"yoast-schema-graph\">{\"@context\":\"https:\\\/\\\/schema.org\",\"@graph\":[{\"@type\":\"WebPage\",\"@id\":\"https:\\\/\\\/www.galerie87.com\\\/produit\\\/serie-de-six-chaises-brutalistes-guillerme-et-chambron\\\/\",\"url\":\"https:\\\/\\\/www.galerie87.com\\\/produit\\\/serie-de-six-chaises-brutalistes-guillerme-et-chambron\\\/\",\"name\":\"S\u00e9rie de six chaises brutalistes, Guillerme et Chambron | Galerie87\",\"isPartOf\":{\"@id\":\"https:\\\/\\\/www.galerie87.com\\\/#website\"},\"primaryImageOfPage\":{\"@id\":\"https:\\\/\\\/www.galerie87.com\\\/produit\\\/serie-de-six-chaises-brutalistes-guillerme-et-chambron\\\/#primaryimage\"},\"image\":{\"@id\":\"https:\\\/\\\/www.galerie87.com\\\/produit\\\/serie-de-six-chaises-brutalistes-guillerme-et-chambron\\\/#primaryimage\"},\"thumbnailUrl\":\"https:\\\/\\\/www.galerie87.com\\\/wp-content\\\/uploads\\\/2025\\\/09\\\/CHAISES-BRUTALISTES-GUILLERME-ET-CHAMBRON-3.jpg\",\"datePublished\":\"2025-09-03T14:46:28+00:00\",\"description\":\"Rare s\u00e9rie de six chaises brutalistes en ch\u00eane clair bross\u00e9, Guillerme et Chambron pour \\\"Votre Maison\\\" \u00e9diteur. Ces chaises ont \u00e9t\u00e9 d\u00e9cap\u00e9es et restaur\u00e9es, les assises ont \u00e9t\u00e9 refaites \u00e0 neuf mousses et tissu Kvadrat\",\"breadcrumb\":{\"@id\":\"https:\\\/\\\/www.galerie87.com\\\/produit\\\/serie-de-six-chaises-brutalistes-guillerme-et-chambron\\\/#breadcrumb\"},\"inLanguage\":\"en-US\",\"potentialAction\":[{\"@type\":\"ReadAction\",\"target\":[\"https:\\\/\\\/www.galerie87.com\\\/produit\\\/serie-de-six-chaises-brutalistes-guillerme-et-chambron\\\/\"]}]},{\"@type\":\"ImageObject\",\"inLanguage\":\"en-US\",\"@id\":\"https:\\\/\\\/www.galerie87.com\\\/produit\\\/serie-de-six-chaises-brutalistes-guillerme-et-chambron\\\/#primaryimage\",\"url\":\"https:\\\/\\\/www.galerie87.com\\\/wp-content\\\/uploads\\\/2025\\\/09\\\/CHAISES-BRUTALISTES-GUILLERME-ET-CHAMBRON-3.jpg\",\"contentUrl\":\"https:\\\/\\\/www.galerie87.com\\\/wp-content\\\/uploads\\\/2025\\\/09\\\/CHAISES-BRUTALISTES-GUILLERME-ET-CHAMBRON-3.jpg\",\"width\":1083,\"height\":1083,\"caption\":\"S\u00e9rie de six chaises brutalistes en ch\u00eane massif, Guillerme et Chambron\"},{\"@type\":\"BreadcrumbList\",\"@id\":\"https:\\\/\\\/www.galerie87.com\\\/produit\\\/serie-de-six-chaises-brutalistes-guillerme-et-chambron\\\/#breadcrumb\",\"itemListElement\":[{\"@type\":\"ListItem\",\"position\":1,\"name\":\"Accueil\",\"item\":\"https:\\\/\\\/www.galerie87.com\\\/\"},{\"@type\":\"ListItem\",\"position\":2,\"name\":\"Boutique\",\"item\":\"https:\\\/\\\/www.galerie87.com\\\/boutique\\\/\"},{\"@type\":\"ListItem\",\"position\":3,\"name\":\"S\u00e9rie de six chaises brutalistes, Guillerme et Chambron\"}]},{\"@type\":\"WebSite\",\"@id\":\"https:\\\/\\\/www.galerie87.com\\\/#website\",\"url\":\"https:\\\/\\\/www.galerie87.com\\\/\",\"name\":\"Galerie87\",\"description\":\"Antiquit\u00e9s - Arts d\u00e9coratifs du XX\u00e8me\",\"publisher\":{\"@id\":\"https:\\\/\\\/www.galerie87.com\\\/#organization\"},\"potentialAction\":[{\"@type\":\"SearchAction\",\"target\":{\"@type\":\"EntryPoint\",\"urlTemplate\":\"https:\\\/\\\/www.galerie87.com\\\/?s={search_term_string}\"},\"query-input\":{\"@type\":\"PropertyValueSpecification\",\"valueRequired\":true,\"valueName\":\"search_term_string\"}}],\"inLanguage\":\"en-US\"},{\"@type\":\"Organization\",\"@id\":\"https:\\\/\\\/www.galerie87.com\\\/#organization\",\"name\":\"Galerie87\",\"url\":\"https:\\\/\\\/www.galerie87.com\\\/\",\"logo\":{\"@type\":\"ImageObject\",\"inLanguage\":\"en-US\",\"@id\":\"https:\\\/\\\/www.galerie87.com\\\/#\\\/schema\\\/logo\\\/image\\\/\",\"url\":\"https:\\\/\\\/galerie.wizengo.com\\\/wp-content\\\/uploads\\\/2022\\\/03\\\/logo-galerie87-transparent.png\",\"contentUrl\":\"https:\\\/\\\/galerie.wizengo.com\\\/wp-content\\\/uploads\\\/2022\\\/03\\\/logo-galerie87-transparent.png\",\"width\":347,\"height\":72,\"caption\":\"Galerie87\"},\"image\":{\"@id\":\"https:\\\/\\\/www.galerie87.com\\\/#\\\/schema\\\/logo\\\/image\\\/\"}}]}<\/script>\n<!-- \/ Yoast SEO plugin. -->","yoast_head_json":{"title":"S\u00e9rie de six chaises brutalistes, Guillerme et Chambron | Galerie87","description":"Rare s\u00e9rie de six chaises brutalistes en ch\u00eane clair bross\u00e9, Guillerme et Chambron pour \"Votre Maison\" \u00e9diteur. Ces chaises ont \u00e9t\u00e9 d\u00e9cap\u00e9es et restaur\u00e9es, les assises ont \u00e9t\u00e9 refaites \u00e0 neuf mousses et tissu Kvadrat","robots":{"index":"index","follow":"follow","max-snippet":"max-snippet:-1","max-image-preview":"max-image-preview:large","max-video-preview":"max-video-preview:-1"},"canonical":"https:\/\/www.galerie87.com\/en\/product\/serie-de-six-chaises-brutalistes-guillerme-et-chambron\/","og_locale":"en_US","og_type":"article","og_title":"S\u00e9rie de six chaises brutalistes, Guillerme et Chambron | Galerie87","og_description":"Rare s\u00e9rie de six chaises brutalistes en ch\u00eane clair bross\u00e9, Guillerme et Chambron pour \"Votre Maison\" \u00e9diteur. Ces chaises ont \u00e9t\u00e9 d\u00e9cap\u00e9es et restaur\u00e9es, les assises ont \u00e9t\u00e9 refaites \u00e0 neuf mousses et tissu Kvadrat","og_url":"https:\/\/www.galerie87.com\/en\/product\/serie-de-six-chaises-brutalistes-guillerme-et-chambron\/","og_site_name":"Galerie87","og_image":[{"width":1083,"height":1083,"url":"https:\/\/www.galerie87.com\/wp-content\/uploads\/2025\/09\/CHAISES-BRUTALISTES-GUILLERME-ET-CHAMBRON-3.jpg","type":"image\/jpeg"}],"twitter_card":"summary_large_image","twitter_misc":{"Est. reading time":"1 minute"},"schema":{"@context":"https:\/\/schema.org","@graph":[{"@type":"WebPage","@id":"https:\/\/www.galerie87.com\/produit\/serie-de-six-chaises-brutalistes-guillerme-et-chambron\/","url":"https:\/\/www.galerie87.com\/produit\/serie-de-six-chaises-brutalistes-guillerme-et-chambron\/","name":"S\u00e9rie de six chaises brutalistes, Guillerme et Chambron | Galerie87","isPartOf":{"@id":"https:\/\/www.galerie87.com\/#website"},"primaryImageOfPage":{"@id":"https:\/\/www.galerie87.com\/produit\/serie-de-six-chaises-brutalistes-guillerme-et-chambron\/#primaryimage"},"image":{"@id":"https:\/\/www.galerie87.com\/produit\/serie-de-six-chaises-brutalistes-guillerme-et-chambron\/#primaryimage"},"thumbnailUrl":"https:\/\/www.galerie87.com\/wp-content\/uploads\/2025\/09\/CHAISES-BRUTALISTES-GUILLERME-ET-CHAMBRON-3.jpg","datePublished":"2025-09-03T14:46:28+00:00","description":"Rare s\u00e9rie de six chaises brutalistes en ch\u00eane clair bross\u00e9, Guillerme et Chambron pour \"Votre Maison\" \u00e9diteur. Ces chaises ont \u00e9t\u00e9 d\u00e9cap\u00e9es et restaur\u00e9es, les assises ont \u00e9t\u00e9 refaites \u00e0 neuf mousses et tissu Kvadrat","breadcrumb":{"@id":"https:\/\/www.galerie87.com\/produit\/serie-de-six-chaises-brutalistes-guillerme-et-chambron\/#breadcrumb"},"inLanguage":"en-US","potentialAction":[{"@type":"ReadAction","target":["https:\/\/www.galerie87.com\/produit\/serie-de-six-chaises-brutalistes-guillerme-et-chambron\/"]}]},{"@type":"ImageObject","inLanguage":"en-US","@id":"https:\/\/www.galerie87.com\/produit\/serie-de-six-chaises-brutalistes-guillerme-et-chambron\/#primaryimage","url":"https:\/\/www.galerie87.com\/wp-content\/uploads\/2025\/09\/CHAISES-BRUTALISTES-GUILLERME-ET-CHAMBRON-3.jpg","contentUrl":"https:\/\/www.galerie87.com\/wp-content\/uploads\/2025\/09\/CHAISES-BRUTALISTES-GUILLERME-ET-CHAMBRON-3.jpg","width":1083,"height":1083,"caption":"S\u00e9rie de six chaises brutalistes en ch\u00eane massif, Guillerme et Chambron"},{"@type":"BreadcrumbList","@id":"https:\/\/www.galerie87.com\/produit\/serie-de-six-chaises-brutalistes-guillerme-et-chambron\/#breadcrumb","itemListElement":[{"@type":"ListItem","position":1,"name":"Accueil","item":"https:\/\/www.galerie87.com\/"},{"@type":"ListItem","position":2,"name":"Boutique","item":"https:\/\/www.galerie87.com\/boutique\/"},{"@type":"ListItem","position":3,"name":"S\u00e9rie de six chaises brutalistes, Guillerme et Chambron"}]},{"@type":"WebSite","@id":"https:\/\/www.galerie87.com\/#website","url":"https:\/\/www.galerie87.com\/","name":"Galerie87","description":"Antiquit\u00e9s - Arts d\u00e9coratifs du XX\u00e8me","publisher":{"@id":"https:\/\/www.galerie87.com\/#organization"},"potentialAction":[{"@type":"SearchAction","target":{"@type":"EntryPoint","urlTemplate":"https:\/\/www.galerie87.com\/?s={search_term_string}"},"query-input":{"@type":"PropertyValueSpecification","valueRequired":true,"valueName":"search_term_string"}}],"inLanguage":"en-US"},{"@type":"Organization","@id":"https:\/\/www.galerie87.com\/#organization","name":"Galerie87","url":"https:\/\/www.galerie87.com\/","logo":{"@type":"ImageObject","inLanguage":"en-US","@id":"https:\/\/www.galerie87.com\/#\/schema\/logo\/image\/","url":"https:\/\/galerie.wizengo.com\/wp-content\/uploads\/2022\/03\/logo-galerie87-transparent.png","contentUrl":"https:\/\/galerie.wizengo.com\/wp-content\/uploads\/2022\/03\/logo-galerie87-transparent.png","width":347,"height":72,"caption":"Galerie87"},"image":{"@id":"https:\/\/www.galerie87.com\/#\/schema\/logo\/image\/"}}]}},"_links":{"self":[{"href":"https:\/\/www.galerie87.com\/en\/wp-json\/wp\/v2\/product\/6639","targetHints":{"allow":["GET"]}}],"collection":[{"href":"https:\/\/www.galerie87.com\/en\/wp-json\/wp\/v2\/product"}],"about":[{"href":"https:\/\/www.galerie87.com\/en\/wp-json\/wp\/v2\/types\/product"}],"wp:featuredmedia":[{"embeddable":true,"href":"https:\/\/www.galerie87.com\/en\/wp-json\/wp\/v2\/media\/6640"}],"wp:attachment":[{"href":"https:\/\/www.galerie87.com\/en\/wp-json\/wp\/v2\/media?parent=6639"}],"wp:term":[{"taxonomy":"product_brand","embeddable":true,"href":"https:\/\/www.galerie87.com\/en\/wp-json\/wp\/v2\/product_brand?post=6639"},{"taxonomy":"product_cat","embeddable":true,"href":"https:\/\/www.galerie87.com\/en\/wp-json\/wp\/v2\/product_cat?post=6639"},{"taxonomy":"product_tag","embeddable":true,"href":"https:\/\/www.galerie87.com\/en\/wp-json\/wp\/v2\/product_tag?post=6639"}],"curies":[{"name":"wp","href":"https:\/\/api.w.org\/{rel}","templated":true}]}}